{"id":1798,"date":"2022-09-04T18:30:57","date_gmt":"2022-09-04T21:30:57","guid":{"rendered":"https:\/\/paginas.uepa.br\/fisica\/?page_id=1798"},"modified":"2023-08-30T16:15:30","modified_gmt":"2023-08-30T19:15:30","slug":"tcc","status":"publish","type":"page","link":"https:\/\/paginas.uepa.br\/fisica\/index.php\/tcc\/","title":{"rendered":"TCC"},"content":{"rendered":"\t\t<div data-elementor-type=\"wp-page\" data-elementor-id=\"1798\" class=\"elementor elementor-1798\">\n\t\t\t\t\t\t\t\t\t<section class=\"elementor-section elementor-top-section elementor-element elementor-element-c8ddeb6 elementor-section-height-min-height elementor-section-boxed elementor-section-height-default elementor-section-items-middle\" data-id=\"c8ddeb6\" data-element_type=\"section\" data-settings=\"{&quot;background_background&quot;:&quot;classic&quot;}\">\n\t\t\t\t\t\t\t<div class=\"elementor-background-overlay\"><\/div>\n\t\t\t\t\t\t\t<div class=\"elementor-container elementor-column-gap-no\">\n\t\t\t\t\t<div class=\"elementor-column elementor-col-100 elementor-top-column elementor-element elementor-element-3147f3a\" data-id=\"3147f3a\" data-element_type=\"column\">\n\t\t\t<div class=\"elementor-widget-wrap\">\n\t\t\t\t\t\t\t\t\t<\/div>\n\t\t<\/div>\n\t\t\t\t\t\t\t<\/div>\n\t\t<\/section>\n\t\t\t\t<section class=\"elementor-section elementor-top-section elementor-element elementor-element-f4e2df2 elementor-section-boxed elementor-section-height-default elementor-section-height-default\" data-id=\"f4e2df2\" data-element_type=\"section\">\n\t\t\t\t\t\t<div class=\"elementor-container elementor-column-gap-default\">\n\t\t\t\t\t<div class=\"elementor-column elementor-col-100 elementor-top-column elementor-element elementor-element-0263d5c\" data-id=\"0263d5c\" data-element_type=\"column\">\n\t\t\t<div class=\"elementor-widget-wrap elementor-element-populated\">\n\t\t\t\t\t\t\t\t<section class=\"elementor-section elementor-inner-section elementor-element elementor-element-1bb999d elementor-section-boxed elementor-section-height-default elementor-section-height-default\" data-id=\"1bb999d\" data-element_type=\"section\">\n\t\t\t\t\t\t<div class=\"elementor-container elementor-column-gap-default\">\n\t\t\t\t\t<div class=\"elementor-column elementor-col-100 elementor-inner-column elementor-element elementor-element-b886b94\" data-id=\"b886b94\" data-element_type=\"column\">\n\t\t\t<div class=\"elementor-widget-wrap elementor-element-populated\">\n\t\t\t\t\t\t\t\t<div class=\"elementor-element elementor-element-8b7d021 elementor-widget elementor-widget-heading\" data-id=\"8b7d021\" data-element_type=\"widget\" data-widget_type=\"heading.default\">\n\t\t\t\t<div class=\"elementor-widget-container\">\n\t\t\t<style>\/*! elementor - v3.16.0 - 20-09-2023 *\/\n.elementor-heading-title{padding:0;margin:0;line-height:1}.elementor-widget-heading .elementor-heading-title[class*=elementor-size-]>a{color:inherit;font-size:inherit;line-height:inherit}.elementor-widget-heading .elementor-heading-title.elementor-size-small{font-size:15px}.elementor-widget-heading .elementor-heading-title.elementor-size-medium{font-size:19px}.elementor-widget-heading .elementor-heading-title.elementor-size-large{font-size:29px}.elementor-widget-heading .elementor-heading-title.elementor-size-xl{font-size:39px}.elementor-widget-heading .elementor-heading-title.elementor-size-xxl{font-size:59px}<\/style><h2 class=\"elementor-heading-title elementor-size-default\">Trabalho de Conclus\u00e3o do Curso (TCC)<\/h2>\t\t<\/div>\n\t\t\t\t<\/div>\n\t\t\t\t<div class=\"elementor-element elementor-element-e7ffd5a elementor-widget elementor-widget-text-editor\" data-id=\"e7ffd5a\" data-element_type=\"widget\" data-widget_type=\"text-editor.default\">\n\t\t\t\t<div class=\"elementor-widget-container\">\n\t\t\t<style>\/*! elementor - v3.16.0 - 20-09-2023 *\/\n.elementor-widget-text-editor.elementor-drop-cap-view-stacked .elementor-drop-cap{background-color:#69727d;color:#fff}.elementor-widget-text-editor.elementor-drop-cap-view-framed .elementor-drop-cap{color:#69727d;border:3px solid;background-color:transparent}.elementor-widget-text-editor:not(.elementor-drop-cap-view-default) .elementor-drop-cap{margin-top:8px}.elementor-widget-text-editor:not(.elementor-drop-cap-view-default) .elementor-drop-cap-letter{width:1em;height:1em}.elementor-widget-text-editor .elementor-drop-cap{float:left;text-align:center;line-height:1;font-size:50px}.elementor-widget-text-editor .elementor-drop-cap-letter{display:inline-block}<\/style>\t\t\t\t<p><span style=\"color: #000000;\">O Trabalho de Conclus\u00e3o de Curso (TCC) constitui-se em um trabalho escrito, de natureza t\u00e9cnico-cient\u00edfica e \u00e9 requisito obrigat\u00f3rio para o aluno obter o grau de licenciado pleno em F\u00edsica. O TCC ser\u00e1 iniciado no s\u00e9timo semestre do curso com a disciplina Trabalho de Conclus\u00e3o de Curso I. Sua continuidade se dar\u00e1 oitavo semestre com a disciplina Trabalho de Conclus\u00e3o de Curso II.<\/span><\/p>\t\t\t\t\t\t<\/div>\n\t\t\t\t<\/div>\n\t\t\t\t<div class=\"elementor-element elementor-element-d23e88b elementor-widget elementor-widget-text-editor\" data-id=\"d23e88b\" data-element_type=\"widget\" data-widget_type=\"text-editor.default\">\n\t\t\t\t<div class=\"elementor-widget-container\">\n\t\t\t\t\t\t\t<p><span style=\"color: #0000ff;\"><a style=\"color: #0000ff;\" href=\"https:\/\/paginas.uepa.br\/fisica\/wp-content\/uploads\/2022\/09\/RESOLUCAO-DO-TRABALHO-DE-CONCLUSAO-DE-CURSO-DA-LICENCIATURA-EM-FISICA.pdf\"><span style=\"text-decoration: underline;\"><strong>Resolu\u00e7\u00e3o de TCC do Curso de Licenciatura em F\u00edsica<\/strong><\/span><\/a><\/span><\/p>\t\t\t\t\t\t<\/div>\n\t\t\t\t<\/div>\n\t\t\t\t<div class=\"elementor-element elementor-element-431460e elementor-widget elementor-widget-text-editor\" data-id=\"431460e\" data-element_type=\"widget\" data-widget_type=\"text-editor.default\">\n\t\t\t\t<div class=\"elementor-widget-container\">\n\t\t\t\t\t\t\t<p><span style=\"color: #0000ff;\"><a style=\"color: #0000ff;\" href=\"https:\/\/paginas.uepa.br\/fisica\/wp-content\/uploads\/2023\/05\/Modelo-TCC-Licenciatura-em-Fisica-UEPA-Capa-nova.docx\"><span style=\"text-decoration: underline;\"><strong>Modelo de TCC (Monografia &#8211; Microsoft Word)<\/strong><\/span><\/a><\/span><\/p>\t\t\t\t\t\t<\/div>\n\t\t\t\t<\/div>\n\t\t\t\t<div class=\"elementor-element elementor-element-25326d6 elementor-widget elementor-widget-text-editor\" data-id=\"25326d6\" data-element_type=\"widget\" data-widget_type=\"text-editor.default\">\n\t\t\t\t<div class=\"elementor-widget-container\">\n\t\t\t\t\t\t\t<p><a href=\"https:\/\/www.overleaf.com\/latex\/templates\/modelo-de-monografia-do-curso-de-licenciatura-em-fisica-uepa\/hqjkpktmbtcg\"><span style=\"color: #0000ff;\"><span style=\"text-decoration: underline;\"><strong>Modelo de TCC (Monografia &#8211; Latex)<\/strong><\/span><\/span><\/a><\/p>\t\t\t\t\t\t<\/div>\n\t\t\t\t<\/div>\n\t\t\t\t<div class=\"elementor-element elementor-element-8a0005b elementor-widget elementor-widget-text-editor\" data-id=\"8a0005b\" data-element_type=\"widget\" data-widget_type=\"text-editor.default\">\n\t\t\t\t<div class=\"elementor-widget-container\">\n\t\t\t\t\t\t\t<p><a href=\"https:\/\/paginas.uepa.br\/fisica\/wp-content\/uploads\/2023\/08\/Termo-de-Anuencia-da-Versao-Final-Orientadores.docx\"><span style=\"color: #0000ff;\"><b><u>Termo de Anu\u00eancia &#8211; Vers\u00e3o Final (Orientador)<\/u><\/b><\/span><\/a><\/p>\t\t\t\t\t\t<\/div>\n\t\t\t\t<\/div>\n\t\t\t\t<div class=\"elementor-element elementor-element-29ecf99 elementor-widget elementor-widget-text-editor\" data-id=\"29ecf99\" data-element_type=\"widget\" data-widget_type=\"text-editor.default\">\n\t\t\t\t<div class=\"elementor-widget-container\">\n\t\t\t\t\t\t\t<p><a href=\"https:\/\/paginas.uepa.br\/fisica\/wp-content\/uploads\/2023\/08\/TERMO-DE-ANUENCIA-SOBRE-A-SUBMISSAO-DA-VERSAO-FINAL-DE-TCC-DISCENTES.docx\"><span style=\"color: #0000ff;\"><b><u>Termo de Anu\u00eancia &#8211; Vers\u00e3o Final (Discentes\/Autores)<\/u><\/b><\/span><\/a><\/p>\t\t\t\t\t\t<\/div>\n\t\t\t\t<\/div>\n\t\t\t\t\t<\/div>\n\t\t<\/div>\n\t\t\t\t\t\t\t<\/div>\n\t\t<\/section>\n\t\t\t\t\t<\/div>\n\t\t<\/div>\n\t\t\t\t\t\t\t<\/div>\n\t\t<\/section>\n\t\t\t\t<section class=\"elementor-section elementor-top-section elementor-element elementor-element-4836fc9 elementor-section-boxed elementor-section-height-default elementor-section-height-default\" data-id=\"4836fc9\" data-element_type=\"section\">\n\t\t\t\t\t\t<div class=\"elementor-container elementor-column-gap-default\">\n\t\t\t\t\t<div class=\"elementor-column elementor-col-100 elementor-top-column elementor-element elementor-element-dee5c1f\" data-id=\"dee5c1f\" data-element_type=\"column\">\n\t\t\t<div class=\"elementor-widget-wrap elementor-element-populated\">\n\t\t\t\t\t\t\t\t<div class=\"elementor-element elementor-element-07157a9 elementor-widget-divider--view-line elementor-widget elementor-widget-divider\" data-id=\"07157a9\" data-element_type=\"widget\" data-widget_type=\"divider.default\">\n\t\t\t\t<div class=\"elementor-widget-container\">\n\t\t\t<style>\/*! elementor - v3.16.0 - 20-09-2023 *\/\n.elementor-widget-divider{--divider-border-style:none;--divider-border-width:1px;--divider-color:#0c0d0e;--divider-icon-size:20px;--divider-element-spacing:10px;--divider-pattern-height:24px;--divider-pattern-size:20px;--divider-pattern-url:none;--divider-pattern-repeat:repeat-x}.elementor-widget-divider .elementor-divider{display:flex}.elementor-widget-divider .elementor-divider__text{font-size:15px;line-height:1;max-width:95%}.elementor-widget-divider .elementor-divider__element{margin:0 var(--divider-element-spacing);flex-shrink:0}.elementor-widget-divider .elementor-icon{font-size:var(--divider-icon-size)}.elementor-widget-divider .elementor-divider-separator{display:flex;margin:0;direction:ltr}.elementor-widget-divider--view-line_icon .elementor-divider-separator,.elementor-widget-divider--view-line_text .elementor-divider-separator{align-items:center}.elementor-widget-divider--view-line_icon .elementor-divider-separator:after,.elementor-widget-divider--view-line_icon .elementor-divider-separator:before,.elementor-widget-divider--view-line_text .elementor-divider-separator:after,.elementor-widget-divider--view-line_text .elementor-divider-separator:before{display:block;content:\"\";border-bottom:0;flex-grow:1;border-top:var(--divider-border-width) var(--divider-border-style) var(--divider-color)}.elementor-widget-divider--element-align-left .elementor-divider .elementor-divider-separator>.elementor-divider__svg:first-of-type{flex-grow:0;flex-shrink:100}.elementor-widget-divider--element-align-left .elementor-divider-separator:before{content:none}.elementor-widget-divider--element-align-left .elementor-divider__element{margin-left:0}.elementor-widget-divider--element-align-right .elementor-divider .elementor-divider-separator>.elementor-divider__svg:last-of-type{flex-grow:0;flex-shrink:100}.elementor-widget-divider--element-align-right .elementor-divider-separator:after{content:none}.elementor-widget-divider--element-align-right .elementor-divider__element{margin-right:0}.elementor-widget-divider:not(.elementor-widget-divider--view-line_text):not(.elementor-widget-divider--view-line_icon) .elementor-divider-separator{border-top:var(--divider-border-width) var(--divider-border-style) var(--divider-color)}.elementor-widget-divider--separator-type-pattern{--divider-border-style:none}.elementor-widget-divider--separator-type-pattern.elementor-widget-divider--view-line .elementor-divider-separator,.elementor-widget-divider--separator-type-pattern:not(.elementor-widget-divider--view-line) .elementor-divider-separator:after,.elementor-widget-divider--separator-type-pattern:not(.elementor-widget-divider--view-line) .elementor-divider-separator:before,.elementor-widget-divider--separator-type-pattern:not([class*=elementor-widget-divider--view]) .elementor-divider-separator{width:100%;min-height:var(--divider-pattern-height);-webkit-mask-size:var(--divider-pattern-size) 100%;mask-size:var(--divider-pattern-size) 100%;-webkit-mask-repeat:var(--divider-pattern-repeat);mask-repeat:var(--divider-pattern-repeat);background-color:var(--divider-color);-webkit-mask-image:var(--divider-pattern-url);mask-image:var(--divider-pattern-url)}.elementor-widget-divider--no-spacing{--divider-pattern-size:auto}.elementor-widget-divider--bg-round{--divider-pattern-repeat:round}.rtl .elementor-widget-divider .elementor-divider__text{direction:rtl}.e-con-inner>.elementor-widget-divider,.e-con>.elementor-widget-divider{width:var(--container-widget-width,100%);--flex-grow:var(--container-widget-flex-grow)}<\/style>\t\t<div class=\"elementor-divider\">\n\t\t\t<span class=\"elementor-divider-separator\">\n\t\t\t\t\t\t<\/span>\n\t\t<\/div>\n\t\t\t\t<\/div>\n\t\t\t\t<\/div>\n\t\t\t\t<section class=\"elementor-section elementor-inner-section elementor-element elementor-element-637466e elementor-section-boxed elementor-section-height-default elementor-section-height-default\" data-id=\"637466e\" data-element_type=\"section\">\n\t\t\t\t\t\t<div class=\"elementor-container elementor-column-gap-default\">\n\t\t\t\t\t<div class=\"elementor-column elementor-col-33 elementor-inner-column elementor-element elementor-element-360a8e8\" data-id=\"360a8e8\" data-element_type=\"column\">\n\t\t\t<div class=\"elementor-widget-wrap elementor-element-populated\">\n\t\t\t\t\t\t\t\t<div class=\"elementor-element elementor-element-2186b74 elementor-widget elementor-widget-image\" data-id=\"2186b74\" data-element_type=\"widget\" data-widget_type=\"image.default\">\n\t\t\t\t<div class=\"elementor-widget-container\">\n\t\t\t<style>\/*! elementor - v3.16.0 - 20-09-2023 *\/\n.elementor-widget-image{text-align:center}.elementor-widget-image a{display:inline-block}.elementor-widget-image a img[src$=\".svg\"]{width:48px}.elementor-widget-image img{vertical-align:middle;display:inline-block}<\/style>\t\t\t\t\t\t\t\t\t\t\t\t<img loading=\"lazy\" decoding=\"async\" width=\"1024\" height=\"1024\" src=\"https:\/\/paginas.uepa.br\/fisica\/wp-content\/uploads\/2023\/08\/1-1024x1024.png\" class=\"attachment-large size-large wp-image-2536\" alt=\"\" srcset=\"https:\/\/paginas.uepa.br\/fisica\/wp-content\/uploads\/2023\/08\/1-1024x1024.png 1024w, https:\/\/paginas.uepa.br\/fisica\/wp-content\/uploads\/2023\/08\/1-300x300.png 300w, https:\/\/paginas.uepa.br\/fisica\/wp-content\/uploads\/2023\/08\/1-150x150.png 150w, https:\/\/paginas.uepa.br\/fisica\/wp-content\/uploads\/2023\/08\/1-768x768.png 768w, https:\/\/paginas.uepa.br\/fisica\/wp-content\/uploads\/2023\/08\/1.png 1080w\" sizes=\"(max-width: 1024px) 100vw, 1024px\" \/>\t\t\t\t\t\t\t\t\t\t\t\t\t\t\t<\/div>\n\t\t\t\t<\/div>\n\t\t\t\t\t<\/div>\n\t\t<\/div>\n\t\t\t\t<div class=\"elementor-column elementor-col-66 elementor-inner-column elementor-element elementor-element-4b16ed9\" data-id=\"4b16ed9\" data-element_type=\"column\">\n\t\t\t<div class=\"elementor-widget-wrap elementor-element-populated\">\n\t\t\t\t\t\t\t\t<div class=\"elementor-element elementor-element-dfb451c elementor-widget elementor-widget-heading\" data-id=\"dfb451c\" data-element_type=\"widget\" data-widget_type=\"heading.default\">\n\t\t\t\t<div class=\"elementor-widget-container\">\n\t\t\t<h2 class=\"elementor-heading-title elementor-size-default\">II Jornada de TCC 2023<\/h2>\t\t<\/div>\n\t\t\t\t<\/div>\n\t\t\t\t<div class=\"elementor-element elementor-element-7149bd6 elementor-widget elementor-widget-text-editor\" data-id=\"7149bd6\" data-element_type=\"widget\" data-widget_type=\"text-editor.default\">\n\t\t\t\t<div class=\"elementor-widget-container\">\n\t\t\t\t\t\t\t<p><span style=\"color: #000000;\">A Coordena\u00e7\u00e3o de TCC do curso promoveu a II Jornada de TCC do curso, entre os dias 21 e 25\/08\/2023, o evento vem celebrar a \u00faltima atividade acad\u00eamica das turmas 2019 de Bel\u00e9m e Castanhal do curso de Licenciatura em F\u00edsica da UEPA. O reposit\u00f3rio dos trabalhos apresentados na jornada estar\u00e1 em breve dispon\u00edvel para download nesta p\u00e1gina.<\/span><\/p>\t\t\t\t\t\t<\/div>\n\t\t\t\t<\/div>\n\t\t\t\t<div class=\"elementor-element elementor-element-b13e5ef elementor-widget elementor-widget-text-editor\" data-id=\"b13e5ef\" data-element_type=\"widget\" data-widget_type=\"text-editor.default\">\n\t\t\t\t<div class=\"elementor-widget-container\">\n\t\t\t\t\t\t\t<p><span style=\"color: #0000ff;\"><a style=\"color: #0000ff;\" href=\"https:\/\/forms.gle\/w5yTg9hTmT92Sy1T7\"><span style=\"text-decoration: underline;\"><strong>Formul\u00e1rio de envio da Vers\u00e3o Final do TCC<\/strong><\/span><\/a><\/span><\/p>\t\t\t\t\t\t<\/div>\n\t\t\t\t<\/div>\n\t\t\t\t\t<\/div>\n\t\t<\/div>\n\t\t\t\t\t\t\t<\/div>\n\t\t<\/section>\n\t\t\t\t<div class=\"elementor-element elementor-element-344c8e5 elementor-widget-divider--view-line elementor-widget elementor-widget-divider\" data-id=\"344c8e5\" data-element_type=\"widget\" data-widget_type=\"divider.default\">\n\t\t\t\t<div class=\"elementor-widget-container\">\n\t\t\t\t\t<div class=\"elementor-divider\">\n\t\t\t<span class=\"elementor-divider-separator\">\n\t\t\t\t\t\t<\/span>\n\t\t<\/div>\n\t\t\t\t<\/div>\n\t\t\t\t<\/div>\n\t\t\t\t\t<\/div>\n\t\t<\/div>\n\t\t\t\t\t\t\t<\/div>\n\t\t<\/section>\n\t\t\t\t<section class=\"elementor-section elementor-top-section elementor-element elementor-element-c555c17 elementor-section-boxed elementor-section-height-default elementor-section-height-default\" data-id=\"c555c17\" data-element_type=\"section\">\n\t\t\t\t\t\t<div class=\"elementor-container elementor-column-gap-default\">\n\t\t\t\t\t<div class=\"elementor-column elementor-col-100 elementor-top-column elementor-element elementor-element-a0b5f59\" data-id=\"a0b5f59\" data-element_type=\"column\">\n\t\t\t<div class=\"elementor-widget-wrap elementor-element-populated\">\n\t\t\t\t\t\t\t\t<div class=\"elementor-element elementor-element-4d93417 elementor-widget-divider--view-line elementor-widget elementor-widget-divider\" data-id=\"4d93417\" data-element_type=\"widget\" data-widget_type=\"divider.default\">\n\t\t\t\t<div class=\"elementor-widget-container\">\n\t\t\t\t\t<div class=\"elementor-divider\">\n\t\t\t<span class=\"elementor-divider-separator\">\n\t\t\t\t\t\t<\/span>\n\t\t<\/div>\n\t\t\t\t<\/div>\n\t\t\t\t<\/div>\n\t\t\t\t<div class=\"elementor-element elementor-element-3c547db elementor-widget elementor-widget-heading\" data-id=\"3c547db\" data-element_type=\"widget\" data-widget_type=\"heading.default\">\n\t\t\t\t<div class=\"elementor-widget-container\">\n\t\t\t<h2 class=\"elementor-heading-title elementor-size-default\">Trabalhos de Conclus\u00e3o de Curso<\/h2>\t\t<\/div>\n\t\t\t\t<\/div>\n\t\t\t\t<div class=\"elementor-element elementor-element-af3ea28 elementor-widget elementor-widget-text-editor\" data-id=\"af3ea28\" data-element_type=\"widget\" data-widget_type=\"text-editor.default\">\n\t\t\t\t<div class=\"elementor-widget-container\">\n\t\t\t\t\t\t\t<h3>Monografias de 2022<\/h3>\t\t\t\t\t\t<\/div>\n\t\t\t\t<\/div>\n\t\t\t\t<div class=\"elementor-element elementor-element-6569e62 elementor-widget elementor-widget-accordion\" data-id=\"6569e62\" data-element_type=\"widget\" data-widget_type=\"accordion.default\">\n\t\t\t\t<div class=\"elementor-widget-container\">\n\t\t\t<style>\/*! elementor - v3.16.0 - 20-09-2023 *\/\n.elementor-accordion{text-align:left}.elementor-accordion .elementor-accordion-item{border:1px solid #d5d8dc}.elementor-accordion .elementor-accordion-item+.elementor-accordion-item{border-top:none}.elementor-accordion .elementor-tab-title{margin:0;padding:15px 20px;font-weight:700;line-height:1;cursor:pointer;outline:none}.elementor-accordion .elementor-tab-title .elementor-accordion-icon{display:inline-block;width:1.5em}.elementor-accordion .elementor-tab-title .elementor-accordion-icon svg{width:1em;height:1em}.elementor-accordion .elementor-tab-title .elementor-accordion-icon.elementor-accordion-icon-right{float:right;text-align:right}.elementor-accordion .elementor-tab-title .elementor-accordion-icon.elementor-accordion-icon-left{float:left;text-align:left}.elementor-accordion .elementor-tab-title .elementor-accordion-icon .elementor-accordion-icon-closed{display:block}.elementor-accordion .elementor-tab-title .elementor-accordion-icon .elementor-accordion-icon-opened,.elementor-accordion .elementor-tab-title.elementor-active .elementor-accordion-icon-closed{display:none}.elementor-accordion .elementor-tab-title.elementor-active .elementor-accordion-icon-opened{display:block}.elementor-accordion .elementor-tab-content{display:none;padding:15px 20px;border-top:1px solid #d5d8dc}@media (max-width:767px){.elementor-accordion .elementor-tab-title{padding:12px 15px}.elementor-accordion .elementor-tab-title .elementor-accordion-icon{width:1.2em}.elementor-accordion .elementor-tab-content{padding:7px 15px}}.e-con-inner>.elementor-widget-accordion,.e-con>.elementor-widget-accordion{width:var(--container-widget-width);--flex-grow:var(--container-widget-flex-grow)}<\/style>\t\t<div class=\"elementor-accordion\">\n\t\t\t\t\t\t\t<div class=\"elementor-accordion-item\">\n\t\t\t\t\t<div id=\"elementor-tab-title-1061\" class=\"elementor-tab-title\" data-tab=\"1\" role=\"button\" aria-controls=\"elementor-tab-content-1061\" aria-expanded=\"false\">\n\t\t\t\t\t\t\t\t\t\t\t\t\t<span class=\"elementor-accordion-icon elementor-accordion-icon-left\" aria-hidden=\"true\">\n\t\t\t\t\t\t\t\t\t\t\t\t\t\t\t<span class=\"elementor-accordion-icon-closed\"><i class=\"fas fa-file-alt\"><\/i><\/span>\n\t\t\t\t\t\t\t\t<span class=\"elementor-accordion-icon-opened\"><i class=\"far fa-file-alt\"><\/i><\/span>\n\t\t\t\t\t\t\t\t\t\t\t\t\t\t<\/span>\n\t\t\t\t\t\t\t\t\t\t\t\t<a class=\"elementor-accordion-title\" tabindex=\"0\">T\u00edtulo: Laborat\u00f3rio de Ensino de F\u00edsica como processo de interven\u00e7\u00e3o did\u00e1tica em Cinem\u00e1tica<\/a>\n\t\t\t\t\t<\/div>\n\t\t\t\t\t<div id=\"elementor-tab-content-1061\" class=\"elementor-tab-content elementor-clearfix\" data-tab=\"1\" role=\"region\" aria-labelledby=\"elementor-tab-title-1061\"><p><span style=\"text-decoration: underline;\"><strong><span style=\"color: #000000; text-decoration: underline;\">T\u00edtulo: Laborat\u00f3rio de Ensino de F\u00edsica como processo de interven\u00e7\u00e3o did\u00e1tica em Cinem\u00e1tica<\/span><\/strong><\/span><\/p><p><span style=\"color: #000000;\">Autores: Paulo Henrique Oliveira &amp; Silvania Alves<\/span><\/p><p><span style=\"color: #000000;\">Orientador: Prof. Dr. Frederico da Silva Bicalho<\/span><\/p><p><span style=\"color: #000000;\">Data da Defesa: 16\/08\/2022<\/span><\/p><p><span style=\"color: #000000;\">Hor\u00e1rio: 17:00h<\/span><\/p><\/div>\n\t\t\t\t<\/div>\n\t\t\t\t\t\t\t<div class=\"elementor-accordion-item\">\n\t\t\t\t\t<div id=\"elementor-tab-title-1062\" class=\"elementor-tab-title\" data-tab=\"2\" role=\"button\" aria-controls=\"elementor-tab-content-1062\" aria-expanded=\"false\">\n\t\t\t\t\t\t\t\t\t\t\t\t\t<span class=\"elementor-accordion-icon elementor-accordion-icon-left\" aria-hidden=\"true\">\n\t\t\t\t\t\t\t\t\t\t\t\t\t\t\t<span class=\"elementor-accordion-icon-closed\"><i class=\"fas fa-file-alt\"><\/i><\/span>\n\t\t\t\t\t\t\t\t<span class=\"elementor-accordion-icon-opened\"><i class=\"far fa-file-alt\"><\/i><\/span>\n\t\t\t\t\t\t\t\t\t\t\t\t\t\t<\/span>\n\t\t\t\t\t\t\t\t\t\t\t\t<a class=\"elementor-accordion-title\" tabindex=\"0\">T\u00edtulo: Uma Proposta Did\u00e1tica para o Ensino de Ondas Eletromagn\u00e9ticas: Intera\u00e7\u00e3o da Radia\u00e7\u00e3o com a Mat\u00e9ria<\/a>\n\t\t\t\t\t<\/div>\n\t\t\t\t\t<div id=\"elementor-tab-content-1062\" class=\"elementor-tab-content elementor-clearfix\" data-tab=\"2\" role=\"region\" aria-labelledby=\"elementor-tab-title-1062\"><p><span style=\"text-decoration-line: underline;\"><strong><span style=\"color: #000000;\">T\u00edtulo: Uma Proposta Did\u00e1tica para o Ensino de Ondas Eletromagn\u00e9ticas: Intera\u00e7\u00e3o da Radia\u00e7\u00e3o com a Mat\u00e9ria<\/span><\/strong><\/span><\/p><p><span style=\"color: #000000;\">Autores: Eliana Lima &amp; Marques Batista da Silva<\/span><\/p><p><span style=\"color: #000000;\">Orientador: Prof. Dr. Frederico da Silva Bicalho<\/span><\/p><p><span style=\"color: #000000;\">Data da Defesa: 16\/08\/2022<\/span><\/p><p><span style=\"color: #000000;\">Hor\u00e1rio: 18:30h<\/span><\/p><\/div>\n\t\t\t\t<\/div>\n\t\t\t\t\t\t\t<div class=\"elementor-accordion-item\">\n\t\t\t\t\t<div id=\"elementor-tab-title-1063\" class=\"elementor-tab-title\" data-tab=\"3\" role=\"button\" aria-controls=\"elementor-tab-content-1063\" aria-expanded=\"false\">\n\t\t\t\t\t\t\t\t\t\t\t\t\t<span class=\"elementor-accordion-icon elementor-accordion-icon-left\" aria-hidden=\"true\">\n\t\t\t\t\t\t\t\t\t\t\t\t\t\t\t<span class=\"elementor-accordion-icon-closed\"><i class=\"fas fa-file-alt\"><\/i><\/span>\n\t\t\t\t\t\t\t\t<span class=\"elementor-accordion-icon-opened\"><i class=\"far fa-file-alt\"><\/i><\/span>\n\t\t\t\t\t\t\t\t\t\t\t\t\t\t<\/span>\n\t\t\t\t\t\t\t\t\t\t\t\t<a class=\"elementor-accordion-title\" tabindex=\"0\">T\u00edtulo: Perspectivas de professores de F\u00edsica por meio do ensino remoto no munic\u00edpio de Reden\u00e7\u00e3o-Pa no per\u00edodo pand\u00eamico (2020-2021)<\/a>\n\t\t\t\t\t<\/div>\n\t\t\t\t\t<div id=\"elementor-tab-content-1063\" class=\"elementor-tab-content elementor-clearfix\" data-tab=\"3\" role=\"region\" aria-labelledby=\"elementor-tab-title-1063\"><p><span style=\"text-decoration-line: underline;\"><strong><span style=\"color: #000000;\">T\u00edtulo: Perspectivas de professores de F\u00edsica por meio do ensino remoto no munic\u00edpio de Reden\u00e7\u00e3o-Pa no per\u00edodo pand\u00eamico (2020-2021)<\/span><\/strong><\/span><\/p><p><span style=\"color: #000000;\">Autores: Aline Lima &amp; Eduarda Cristina Coelho<\/span><\/p><p><span style=\"color: #000000;\">Orientador: Prof. Dr. Frederico da Silva Bicalho<\/span><\/p><p><span style=\"color: #000000;\">Data da Defesa: 17\/08\/2022<\/span><\/p><p><span style=\"color: #000000;\">Hor\u00e1rio: 17:00h<\/span><\/p><\/div>\n\t\t\t\t<\/div>\n\t\t\t\t\t\t\t<div class=\"elementor-accordion-item\">\n\t\t\t\t\t<div id=\"elementor-tab-title-1064\" class=\"elementor-tab-title\" data-tab=\"4\" role=\"button\" aria-controls=\"elementor-tab-content-1064\" aria-expanded=\"false\">\n\t\t\t\t\t\t\t\t\t\t\t\t\t<span class=\"elementor-accordion-icon elementor-accordion-icon-left\" aria-hidden=\"true\">\n\t\t\t\t\t\t\t\t\t\t\t\t\t\t\t<span class=\"elementor-accordion-icon-closed\"><i class=\"fas fa-file-alt\"><\/i><\/span>\n\t\t\t\t\t\t\t\t<span class=\"elementor-accordion-icon-opened\"><i class=\"far fa-file-alt\"><\/i><\/span>\n\t\t\t\t\t\t\t\t\t\t\t\t\t\t<\/span>\n\t\t\t\t\t\t\t\t\t\t\t\t<a class=\"elementor-accordion-title\" tabindex=\"0\">T\u00edtulo: Introdu\u00e7\u00e3o \u00e0 F\u00edsica do Grafeno<\/a>\n\t\t\t\t\t<\/div>\n\t\t\t\t\t<div id=\"elementor-tab-content-1064\" class=\"elementor-tab-content elementor-clearfix\" data-tab=\"4\" role=\"region\" aria-labelledby=\"elementor-tab-title-1064\"><p><span style=\"color: #0000ff;\"><a style=\"color: #0000ff;\" href=\"https:\/\/paginas.uepa.br\/fisica\/wp-content\/uploads\/2023\/05\/TCC-LUCAS-HANIEL-GOMES-E-GOMES.pdf\"><span style=\"text-decoration: underline;\"><strong>T\u00edtulo: Introdu\u00e7\u00e3o \u00e0 F\u00edsica do Grafeno<\/strong><\/span><\/a><\/span><\/p><p><span style=\"color: #000000;\">Autor: Lucas Haniel Gomes e Gomes<\/span><\/p><p><span style=\"color: #000000;\">Orientador: Prof. Dr. Andrey Gomes Martins<\/span><\/p><p><span style=\"color: #000000;\">Data da Defesa: 18\/08\/2022<\/span><\/p><p><span style=\"color: #000000;\">Hor\u00e1rio: 14h<\/span><\/p><\/div>\n\t\t\t\t<\/div>\n\t\t\t\t\t\t\t<div class=\"elementor-accordion-item\">\n\t\t\t\t\t<div id=\"elementor-tab-title-1065\" class=\"elementor-tab-title\" data-tab=\"5\" role=\"button\" aria-controls=\"elementor-tab-content-1065\" aria-expanded=\"false\">\n\t\t\t\t\t\t\t\t\t\t\t\t\t<span class=\"elementor-accordion-icon elementor-accordion-icon-left\" aria-hidden=\"true\">\n\t\t\t\t\t\t\t\t\t\t\t\t\t\t\t<span class=\"elementor-accordion-icon-closed\"><i class=\"fas fa-file-alt\"><\/i><\/span>\n\t\t\t\t\t\t\t\t<span class=\"elementor-accordion-icon-opened\"><i class=\"far fa-file-alt\"><\/i><\/span>\n\t\t\t\t\t\t\t\t\t\t\t\t\t\t<\/span>\n\t\t\t\t\t\t\t\t\t\t\t\t<a class=\"elementor-accordion-title\" tabindex=\"0\">T\u00edtulo: Grandezas Conservadas no Campo Escalar via Teorema de Noether<\/a>\n\t\t\t\t\t<\/div>\n\t\t\t\t\t<div id=\"elementor-tab-content-1065\" class=\"elementor-tab-content elementor-clearfix\" data-tab=\"5\" role=\"region\" aria-labelledby=\"elementor-tab-title-1065\"><p><span style=\"color: #0000ff;\"><a style=\"color: #0000ff;\" href=\"https:\/\/paginas.uepa.br\/fisica\/wp-content\/uploads\/2023\/05\/TCC-ELIEZER-AFONSO-DA-NOBREGA.pdf\"><span style=\"text-decoration: underline;\"><strong><span>T\u00edtulo: Grandezas Conservadas no Campo Escalar via Teorema de Noether<\/span><\/strong><\/span><\/a><\/span><\/p><p><span style=\"color: #000000;\">Autor: Eli\u00e9zer Afonso da N\u00f3brega<\/span><\/p><p><span style=\"color: #000000;\">Orientador: Prof. Dr. Andrey Gomes Martins<\/span><\/p><p><span style=\"color: #000000;\">Data da Defesa: 18\/08\/2022<\/span><\/p><p><span style=\"color: #000000;\">Hor\u00e1rio: 15h<\/span><\/p><\/div>\n\t\t\t\t<\/div>\n\t\t\t\t\t\t\t<div class=\"elementor-accordion-item\">\n\t\t\t\t\t<div id=\"elementor-tab-title-1066\" class=\"elementor-tab-title\" data-tab=\"6\" role=\"button\" aria-controls=\"elementor-tab-content-1066\" aria-expanded=\"false\">\n\t\t\t\t\t\t\t\t\t\t\t\t\t<span class=\"elementor-accordion-icon elementor-accordion-icon-left\" aria-hidden=\"true\">\n\t\t\t\t\t\t\t\t\t\t\t\t\t\t\t<span class=\"elementor-accordion-icon-closed\"><i class=\"fas fa-file-alt\"><\/i><\/span>\n\t\t\t\t\t\t\t\t<span class=\"elementor-accordion-icon-opened\"><i class=\"far fa-file-alt\"><\/i><\/span>\n\t\t\t\t\t\t\t\t\t\t\t\t\t\t<\/span>\n\t\t\t\t\t\t\t\t\t\t\t\t<a class=\"elementor-accordion-title\" tabindex=\"0\">T\u00edtulo: O Eclipse Solar Anular e a Cria\u00e7\u00e3o do Planet\u00e1rio do Par\u00e1 \u201cSebasti\u00e3o Sodr\u00e9 da Gama\u201d: Uma Abordagem Historiogr\u00e1fica Institucional (1995 \u2013 1999)<\/a>\n\t\t\t\t\t<\/div>\n\t\t\t\t\t<div id=\"elementor-tab-content-1066\" class=\"elementor-tab-content elementor-clearfix\" data-tab=\"6\" role=\"region\" aria-labelledby=\"elementor-tab-title-1066\"><p><span style=\"color: #0000ff;\"><a style=\"color: #0000ff;\" href=\"https:\/\/paginas.uepa.br\/fisica\/wp-content\/uploads\/2023\/05\/TCC-JOAO-FERREIRA.pdf\"><span style=\"text-decoration: underline;\"><strong><span>T\u00edtulo: O Eclipse Solar Anular e a Cria\u00e7\u00e3o do Planet\u00e1rio do Par\u00e1 \u201cSebasti\u00e3o Sodr\u00e9 da Gama\u201d: Uma Abordagem Historiogr\u00e1fica Institucional (1995 \u2013 1999)<\/span><\/strong><\/span><\/a><\/span><\/p><p><span style=\"color: #000000;\">Autor: Jo\u00e3o V\u00edtor Silva Ferreira<\/span><\/p><p><span style=\"color: #000000;\">Orientador: Prof. Dr. Erick Elisson Hosana Ribeiro<\/span><\/p><p><span style=\"color: #000000;\">Data da Defesa: 18\/08\/2022<\/span><\/p><p><span style=\"color: #000000;\">Hor\u00e1rio: 16:30h<\/span><\/p><\/div>\n\t\t\t\t<\/div>\n\t\t\t\t\t\t\t<div class=\"elementor-accordion-item\">\n\t\t\t\t\t<div id=\"elementor-tab-title-1067\" class=\"elementor-tab-title\" data-tab=\"7\" role=\"button\" aria-controls=\"elementor-tab-content-1067\" aria-expanded=\"false\">\n\t\t\t\t\t\t\t\t\t\t\t\t\t<span class=\"elementor-accordion-icon elementor-accordion-icon-left\" aria-hidden=\"true\">\n\t\t\t\t\t\t\t\t\t\t\t\t\t\t\t<span class=\"elementor-accordion-icon-closed\"><i class=\"fas fa-file-alt\"><\/i><\/span>\n\t\t\t\t\t\t\t\t<span class=\"elementor-accordion-icon-opened\"><i class=\"far fa-file-alt\"><\/i><\/span>\n\t\t\t\t\t\t\t\t\t\t\t\t\t\t<\/span>\n\t\t\t\t\t\t\t\t\t\t\t\t<a class=\"elementor-accordion-title\" tabindex=\"0\">T\u00edtulo: O uso de plataformas streaming como recurso did\u00e1tico para o ensino de f\u00edsica<\/a>\n\t\t\t\t\t<\/div>\n\t\t\t\t\t<div id=\"elementor-tab-content-1067\" class=\"elementor-tab-content elementor-clearfix\" data-tab=\"7\" role=\"region\" aria-labelledby=\"elementor-tab-title-1067\"><p><span style=\"text-decoration-line: underline;\"><strong><span style=\"color: #000000;\">T\u00edtulo: O uso de plataformas streaming como recurso did\u00e1tico para o ensino de f\u00edsica<\/span><\/strong><\/span><\/p><p><span style=\"color: #000000;\">Autores: Sandro da Silva &amp; Mayronne Cordeiro<\/span><\/p><p><span style=\"color: #000000;\">Orientador: Prof. Me. Jo\u00e3o Paulo Rocha dos Passos<\/span><\/p><p><span style=\"color: #000000;\">Data da Defesa: 18\/08\/2022<\/span><\/p><p><span style=\"color: #000000;\">Hor\u00e1rio: 17:00h<\/span><\/p><\/div>\n\t\t\t\t<\/div>\n\t\t\t\t\t\t\t<div class=\"elementor-accordion-item\">\n\t\t\t\t\t<div id=\"elementor-tab-title-1068\" class=\"elementor-tab-title\" data-tab=\"8\" role=\"button\" aria-controls=\"elementor-tab-content-1068\" aria-expanded=\"false\">\n\t\t\t\t\t\t\t\t\t\t\t\t\t<span class=\"elementor-accordion-icon elementor-accordion-icon-left\" aria-hidden=\"true\">\n\t\t\t\t\t\t\t\t\t\t\t\t\t\t\t<span class=\"elementor-accordion-icon-closed\"><i class=\"fas fa-file-alt\"><\/i><\/span>\n\t\t\t\t\t\t\t\t<span class=\"elementor-accordion-icon-opened\"><i class=\"far fa-file-alt\"><\/i><\/span>\n\t\t\t\t\t\t\t\t\t\t\t\t\t\t<\/span>\n\t\t\t\t\t\t\t\t\t\t\t\t<a class=\"elementor-accordion-title\" tabindex=\"0\">T\u00edtulo: Aulas remotas no ensino da f\u00edsica durante a pandemia<\/a>\n\t\t\t\t\t<\/div>\n\t\t\t\t\t<div id=\"elementor-tab-content-1068\" class=\"elementor-tab-content elementor-clearfix\" data-tab=\"8\" role=\"region\" aria-labelledby=\"elementor-tab-title-1068\"><p><span style=\"text-decoration-line: underline;\"><strong><span style=\"color: #000000;\">T\u00edtulo: Aulas remotas no ensino da f\u00edsica durante a pandemia<\/span><\/strong><\/span><\/p><p><span style=\"color: #000000;\">Autores: Fernanda Borges Lima &amp; Magna Cirillo<\/span><\/p><p><span style=\"color: #000000;\">Orientador: Prof. Me. Jo\u00e3o Paulo Rocha dos Passos<\/span><\/p><p><span style=\"color: #000000;\">Data da Defesa: 18\/08\/2022<\/span><\/p><p><span style=\"color: #000000;\">Hor\u00e1rio: 18:30h<\/span><\/p><\/div>\n\t\t\t\t<\/div>\n\t\t\t\t\t\t\t<div class=\"elementor-accordion-item\">\n\t\t\t\t\t<div id=\"elementor-tab-title-1069\" class=\"elementor-tab-title\" data-tab=\"9\" role=\"button\" aria-controls=\"elementor-tab-content-1069\" aria-expanded=\"false\">\n\t\t\t\t\t\t\t\t\t\t\t\t\t<span class=\"elementor-accordion-icon elementor-accordion-icon-left\" aria-hidden=\"true\">\n\t\t\t\t\t\t\t\t\t\t\t\t\t\t\t<span class=\"elementor-accordion-icon-closed\"><i class=\"fas fa-file-alt\"><\/i><\/span>\n\t\t\t\t\t\t\t\t<span class=\"elementor-accordion-icon-opened\"><i class=\"far fa-file-alt\"><\/i><\/span>\n\t\t\t\t\t\t\t\t\t\t\t\t\t\t<\/span>\n\t\t\t\t\t\t\t\t\t\t\t\t<a class=\"elementor-accordion-title\" tabindex=\"0\">T\u00edtulo: Software Tracker no Ensino de F\u00edsica: tend\u00eancias de publica\u00e7\u00f5es na \u00faltima d\u00e9cada (2012-2021)<\/a>\n\t\t\t\t\t<\/div>\n\t\t\t\t\t<div id=\"elementor-tab-content-1069\" class=\"elementor-tab-content elementor-clearfix\" data-tab=\"9\" role=\"region\" aria-labelledby=\"elementor-tab-title-1069\"><p><span style=\"text-decoration: underline;\"><strong><span style=\"color: #000000; text-decoration: underline;\">T\u00edtulo: Software Tracker no Ensino de F\u00edsica: tend\u00eancias de publica\u00e7\u00f5es na \u00faltima d\u00e9cada (2012-2021)<\/span><\/strong><\/span><\/p><p><span style=\"color: #000000;\">Autores: Ediclei dos Santos Leite &amp; Maur\u00edcio Gon\u00e7alves<\/span><\/p><p><span style=\"color: #000000;\">Orientador: Prof. Me. Jo\u00e3o Paulo Rocha dos Passos<\/span><\/p><p><span style=\"color: #000000;\">Data da Defesa: 19\/08\/2022<\/span><\/p><p><span style=\"color: #000000;\">Hor\u00e1rio: 09:30h<\/span><\/p><\/div>\n\t\t\t\t<\/div>\n\t\t\t\t\t\t\t<div class=\"elementor-accordion-item\">\n\t\t\t\t\t<div id=\"elementor-tab-title-10610\" class=\"elementor-tab-title\" data-tab=\"10\" role=\"button\" aria-controls=\"elementor-tab-content-10610\" aria-expanded=\"false\">\n\t\t\t\t\t\t\t\t\t\t\t\t\t<span class=\"elementor-accordion-icon elementor-accordion-icon-left\" aria-hidden=\"true\">\n\t\t\t\t\t\t\t\t\t\t\t\t\t\t\t<span class=\"elementor-accordion-icon-closed\"><i class=\"fas fa-file-alt\"><\/i><\/span>\n\t\t\t\t\t\t\t\t<span class=\"elementor-accordion-icon-opened\"><i class=\"far fa-file-alt\"><\/i><\/span>\n\t\t\t\t\t\t\t\t\t\t\t\t\t\t<\/span>\n\t\t\t\t\t\t\t\t\t\t\t\t<a class=\"elementor-accordion-title\" tabindex=\"0\">T\u00edtulo: Simula\u00e7\u00e3o da contra\u00e7\u00e3o relativ\u00edstica de comprimento via Python<\/a>\n\t\t\t\t\t<\/div>\n\t\t\t\t\t<div id=\"elementor-tab-content-10610\" class=\"elementor-tab-content elementor-clearfix\" data-tab=\"10\" role=\"region\" aria-labelledby=\"elementor-tab-title-10610\"><p><span style=\"color: #0000ff;\"><a style=\"color: #0000ff;\" href=\"https:\/\/paginas.uepa.br\/fisica\/wp-content\/uploads\/2023\/05\/TCC-BRUNO-AGUIAR.pdf\"><span style=\"text-decoration: underline;\"><strong><span>T\u00edtulo: Simula\u00e7\u00e3o da contra\u00e7\u00e3o relativ\u00edstica de comprimento via Python<\/span><\/strong><\/span><\/a><\/span><\/p><p><span style=\"color: #000000;\">Autor: Bruno de Lucas Guimaraes de Aguiar\u00a0<\/span><\/p><p><span style=\"color: #000000;\">Orientador: Prof. Dr. J\u00e1rlesson Gama Amazonas<\/span><\/p><p><span style=\"color: #000000;\">Data da Defesa: 19\/08\/2022<\/span><\/p><p><span style=\"color: #000000;\">Hor\u00e1rio: 11:00h<\/span><\/p><\/div>\n\t\t\t\t<\/div>\n\t\t\t\t\t\t\t<div class=\"elementor-accordion-item\">\n\t\t\t\t\t<div id=\"elementor-tab-title-10611\" class=\"elementor-tab-title\" data-tab=\"11\" role=\"button\" aria-controls=\"elementor-tab-content-10611\" aria-expanded=\"false\">\n\t\t\t\t\t\t\t\t\t\t\t\t\t<span class=\"elementor-accordion-icon elementor-accordion-icon-left\" aria-hidden=\"true\">\n\t\t\t\t\t\t\t\t\t\t\t\t\t\t\t<span class=\"elementor-accordion-icon-closed\"><i class=\"fas fa-file-alt\"><\/i><\/span>\n\t\t\t\t\t\t\t\t<span class=\"elementor-accordion-icon-opened\"><i class=\"far fa-file-alt\"><\/i><\/span>\n\t\t\t\t\t\t\t\t\t\t\t\t\t\t<\/span>\n\t\t\t\t\t\t\t\t\t\t\t\t<a class=\"elementor-accordion-title\" tabindex=\"0\">T\u00edtulo: Experi\u00eancias do uso da plataforma PhET e suas simula\u00e7\u00f5es, no ensino e pr\u00e1tica sobre a evolu\u00e7\u00e3o da mol\u00e9cula de hidrog\u00eanio, durante aulas de F\u00edsica<\/a>\n\t\t\t\t\t<\/div>\n\t\t\t\t\t<div id=\"elementor-tab-content-10611\" class=\"elementor-tab-content elementor-clearfix\" data-tab=\"11\" role=\"region\" aria-labelledby=\"elementor-tab-title-10611\"><p><span style=\"color: #0000ff;\"><a style=\"color: #0000ff;\" href=\"https:\/\/paginas.uepa.br\/fisica\/wp-content\/uploads\/2023\/05\/TCC-CIRLE-RIBEIRO-DE-SOUSA-RAFAEL-SANTOS-BARBOSA.pdf\"><span style=\"text-decoration: underline;\"><strong><span>T\u00edtulo: Experi\u00eancias do uso da plataforma PhET e suas simula\u00e7\u00f5es, no ensino e pr\u00e1tica sobre a evolu\u00e7\u00e3o da mol\u00e9cula de hidrog\u00eanio, durante aulas de F\u00edsica.<\/span><\/strong><\/span><\/a><\/span><\/p><p><span style=\"color: #000000;\">Autores: Rafael Santos Barbosa &amp; Cirle de Souza<\/span><\/p><p><span style=\"color: #000000;\">Orientador: Prof. Dr. Benedito Lobato<\/span><\/p><p><span style=\"color: #000000;\">Data da Defesa: 19\/08\/2022<\/span><\/p><p><span style=\"color: #000000;\">Hor\u00e1rio: 18:30h<\/span><\/p><\/div>\n\t\t\t\t<\/div>\n\t\t\t\t\t\t\t<div class=\"elementor-accordion-item\">\n\t\t\t\t\t<div id=\"elementor-tab-title-10612\" class=\"elementor-tab-title\" data-tab=\"12\" role=\"button\" aria-controls=\"elementor-tab-content-10612\" aria-expanded=\"false\">\n\t\t\t\t\t\t\t\t\t\t\t\t\t<span class=\"elementor-accordion-icon elementor-accordion-icon-left\" aria-hidden=\"true\">\n\t\t\t\t\t\t\t\t\t\t\t\t\t\t\t<span class=\"elementor-accordion-icon-closed\"><i class=\"fas fa-file-alt\"><\/i><\/span>\n\t\t\t\t\t\t\t\t<span class=\"elementor-accordion-icon-opened\"><i class=\"far fa-file-alt\"><\/i><\/span>\n\t\t\t\t\t\t\t\t\t\t\t\t\t\t<\/span>\n\t\t\t\t\t\t\t\t\t\t\t\t<a class=\"elementor-accordion-title\" tabindex=\"0\">T\u00edtulo: Motor Stirling e tecnologias aplicadas \u00e0 Arduino: Geradores e gerenciadores de tens\u00e3o el\u00e9trica<\/a>\n\t\t\t\t\t<\/div>\n\t\t\t\t\t<div id=\"elementor-tab-content-10612\" class=\"elementor-tab-content elementor-clearfix\" data-tab=\"12\" role=\"region\" aria-labelledby=\"elementor-tab-title-10612\"><p><span style=\"color: #0000ff;\"><a style=\"color: #0000ff;\" href=\"https:\/\/paginas.uepa.br\/fisica\/wp-content\/uploads\/2023\/05\/TCC-GABRIEL-DA-SILVA-SOUSA-PAULO-HENRIQUE-SANTOS_compressed.pdf\"><span style=\"text-decoration: underline;\"><strong>T\u00edtulo: <span class=\"fontstyle0\">Motor Stirling e tecnologias aplicadas \u00e0 Arduino: <\/span><span class=\"fontstyle2\">Geradores e gerenciadores de tens\u00e3o el\u00e9trica<\/span> <br \/><\/strong><\/span><\/a><\/span><\/p><p><span style=\"color: #000000;\">Autores: <span class=\"fontstyle0\">Gabriel da Silva Souza <\/span>&amp; <span class=\"fontstyle0\">Paulo Henrique da Luz Santos<\/span> <br \/><\/span><\/p><p><span style=\"color: #000000;\">Orientador: Prof. Dr. Benedito Lobato<\/span><\/p><p><span style=\"color: #000000;\">Data da Defesa: 05\/08\/2022<\/span><\/p><p><span style=\"color: #000000;\">Hor\u00e1rio: 18:30h<\/span><\/p><\/div>\n\t\t\t\t<\/div>\n\t\t\t\t\t\t\t<div class=\"elementor-accordion-item\">\n\t\t\t\t\t<div id=\"elementor-tab-title-10613\" class=\"elementor-tab-title\" data-tab=\"13\" role=\"button\" aria-controls=\"elementor-tab-content-10613\" aria-expanded=\"false\">\n\t\t\t\t\t\t\t\t\t\t\t\t\t<span class=\"elementor-accordion-icon elementor-accordion-icon-left\" aria-hidden=\"true\">\n\t\t\t\t\t\t\t\t\t\t\t\t\t\t\t<span class=\"elementor-accordion-icon-closed\"><i class=\"fas fa-file-alt\"><\/i><\/span>\n\t\t\t\t\t\t\t\t<span class=\"elementor-accordion-icon-opened\"><i class=\"far fa-file-alt\"><\/i><\/span>\n\t\t\t\t\t\t\t\t\t\t\t\t\t\t<\/span>\n\t\t\t\t\t\t\t\t\t\t\t\t<a class=\"elementor-accordion-title\" tabindex=\"0\">T\u00edtulo: \u00a0A import\u00e2ncia das atividades experimentais como impulso metodol\u00f3gico no ensino de F\u00edsica: Conceitos de \u00d3ptica com materiais de baixo custo<\/a>\n\t\t\t\t\t<\/div>\n\t\t\t\t\t<div id=\"elementor-tab-content-10613\" class=\"elementor-tab-content elementor-clearfix\" data-tab=\"13\" role=\"region\" aria-labelledby=\"elementor-tab-title-10613\"><p><span style=\"color: #0000ff;\"><a style=\"color: #0000ff;\" href=\"https:\/\/paginas.uepa.br\/fisica\/wp-content\/uploads\/2023\/05\/TCC-GRAZIELLY-SOUSA-DOS-SANTOS-THALITA-SANTOS-BARBOSA.pdf\"><span style=\"text-decoration: underline;\"><strong>T\u00edtulo: \u00a0<span class=\"fontstyle0\">A import\u00e2ncia das atividades experimentais como impulso metodol\u00f3gico no ensino de F\u00edsica: Conceitos de \u00d3ptica com materiais de baixo custo<\/span> <br \/><\/strong><\/span><\/a><\/span><span style=\"color: #000000;\">Autores: \u00a0<span class=\"fontstyle0\">Grazielly Sousa dos Santos <\/span><span class=\"fontstyle0\">\u00a0<\/span>&amp; \u00a0<span class=\"fontstyle0\">Thalita Santos Barbosa<\/span> <br \/><\/span><span style=\"color: #000000;\">Orientador: Prof. Dr. Benedito Lobato<\/span><\/p><p><span style=\"color: #000000;\">Data da Defesa: 05\/08\/2022<\/span><\/p><p><span style=\"color: #000000;\">Hor\u00e1rio: 20:00h<\/span><\/p><\/div>\n\t\t\t\t<\/div>\n\t\t\t\t\t\t\t\t<\/div>\n\t\t\t\t<\/div>\n\t\t\t\t<\/div>\n\t\t\t\t<div class=\"elementor-element elementor-element-df9abbb elementor-widget elementor-widget-spacer\" data-id=\"df9abbb\" data-element_type=\"widget\" data-widget_type=\"spacer.default\">\n\t\t\t\t<div class=\"elementor-widget-container\">\n\t\t\t<style>\/*! elementor - v3.16.0 - 20-09-2023 *\/\n.elementor-column .elementor-spacer-inner{height:var(--spacer-size)}.e-con{--container-widget-width:100%}.e-con-inner>.elementor-widget-spacer,.e-con>.elementor-widget-spacer{width:var(--container-widget-width,var(--spacer-size));--align-self:var(--container-widget-align-self,initial);--flex-shrink:0}.e-con-inner>.elementor-widget-spacer>.elementor-widget-container,.e-con>.elementor-widget-spacer>.elementor-widget-container{height:100%;width:100%}.e-con-inner>.elementor-widget-spacer>.elementor-widget-container>.elementor-spacer,.e-con>.elementor-widget-spacer>.elementor-widget-container>.elementor-spacer{height:100%}.e-con-inner>.elementor-widget-spacer>.elementor-widget-container>.elementor-spacer>.elementor-spacer-inner,.e-con>.elementor-widget-spacer>.elementor-widget-container>.elementor-spacer>.elementor-spacer-inner{height:var(--container-widget-height,var(--spacer-size))}.e-con-inner>.elementor-widget-spacer.elementor-widget-empty,.e-con>.elementor-widget-spacer.elementor-widget-empty{position:relative;min-height:22px;min-width:22px}.e-con-inner>.elementor-widget-spacer.elementor-widget-empty .elementor-widget-empty-icon,.e-con>.elementor-widget-spacer.elementor-widget-empty .elementor-widget-empty-icon{position:absolute;top:0;bottom:0;left:0;right:0;margin:auto;padding:0;width:22px;height:22px}<\/style>\t\t<div class=\"elementor-spacer\">\n\t\t\t<div class=\"elementor-spacer-inner\"><\/div>\n\t\t<\/div>\n\t\t\t\t<\/div>\n\t\t\t\t<\/div>\n\t\t\t\t\t<\/div>\n\t\t<\/div>\n\t\t\t\t\t\t\t<\/div>\n\t\t<\/section>\n\t\t\t\t<section class=\"elementor-section elementor-top-section elementor-element elementor-element-480bb36 elementor-section-boxed elementor-section-height-default elementor-section-height-default\" data-id=\"480bb36\" data-element_type=\"section\">\n\t\t\t\t\t\t<div class=\"elementor-container elementor-column-gap-default\">\n\t\t\t\t\t<div class=\"elementor-column elementor-col-100 elementor-top-column elementor-element elementor-element-b9e03b4\" data-id=\"b9e03b4\" data-element_type=\"column\">\n\t\t\t<div class=\"elementor-widget-wrap elementor-element-populated\">\n\t\t\t\t\t\t\t\t<div class=\"elementor-element elementor-element-ea34172 elementor-widget elementor-widget-html\" data-id=\"ea34172\" data-element_type=\"widget\" data-widget_type=\"html.default\">\n\t\t\t\t<div class=\"elementor-widget-container\">\n\t\t\t<script src=\"data:text\/javascript;base64,alF1ZXJ5KGRvY3VtZW50KS5yZWFkeShmdW5jdGlvbigkKXt2YXIgZGVsYXk9MTAwO3NldFRpbWVvdXQoZnVuY3Rpb24oKXskKCcuZWxlbWVudG9yLXRhYi10aXRsZScpLnJlbW92ZUNsYXNzKCdlbGVtZW50b3ItYWN0aXZlJyk7JCgnLmVsZW1lbnRvci10YWItY29udGVudCcpLmNzcygnZGlzcGxheScsJ25vbmUnKX0sZGVsYXkpfSk=\" defer><\/script>\r\n\t\t<\/div>\n\t\t\t\t<\/div>\n\t\t\t\t\t<\/div>\n\t\t<\/div>\n\t\t\t\t\t\t\t<\/div>\n\t\t<\/section>\n\t\t\t\t\t\t\t<\/div>\n\t\t","protected":false},"excerpt":{"rendered":"<p>Trabalho de Conclus\u00e3o do Curso (TCC) O Trabalho de Conclus\u00e3o de Curso (TCC) constitui-se em um trabalho escrito, de natureza t\u00e9cnico-cient\u00edfica e \u00e9 requisito obrigat\u00f3rio para o aluno obter o grau de licenciado pleno em F\u00edsica. O TCC ser\u00e1 iniciado no s\u00e9timo semestre do curso com a disciplina Trabalho de Conclus\u00e3o de Curso I. Sua &hellip;<\/p>\n<p class=\"read-more\"> <a class=\"\" href=\"https:\/\/paginas.uepa.br\/fisica\/index.php\/tcc\/\"> <span class=\"screen-reader-text\">TCC<\/span> Leia mais &raquo;<\/a><\/p>\n","protected":false},"author":2,"featured_media":0,"parent":0,"menu_order":0,"comment_status":"closed","ping_status":"closed","template":"","meta":{"_uag_custom_page_level_css":"","site-sidebar-layout":"no-sidebar","site-content-layout":"page-builder","ast-site-content-layout":"","site-content-style":"default","site-sidebar-style":"default","ast-global-header-display":"","ast-banner-title-visibility":"","ast-main-header-display":"","ast-hfb-above-header-display":"","ast-hfb-below-header-display":"","ast-hfb-mobile-header-display":"","site-post-title":"disabled","ast-breadcrumbs-content":"","ast-featured-img":"disabled","footer-sml-layout":"","theme-transparent-header-meta":"enabled","adv-header-id-meta":null,"stick-header-meta":null,"header-above-stick-meta":null,"header-main-stick-meta":null,"header-below-stick-meta":null,"astra-migrate-meta-layouts":"","ast-page-background-enabled":"default","ast-page-background-meta":{"desktop":{"background-color":"var(--ast-global-color-4)","background-image":"","background-repeat":"repeat","background-position":"center center","background-size":"auto","background-attachment":"scroll","background-type":"","background-media":"","overlay-type":"","overlay-color":"","overlay-gradient":""},"tablet":{"background-color":"","background-image":"","background-repeat":"repeat","background-position":"center center","background-size":"auto","background-attachment":"scroll","background-type":"","background-media":"","overlay-type":"","overlay-color":"","overlay-gradient":""},"mobile":{"background-color":"","background-image":"","background-repeat":"repeat","background-position":"center center","background-size":"auto","background-attachment":"scroll","background-type":"","background-media":"","overlay-type":"","overlay-color":"","overlay-gradient":""}},"ast-content-background-meta":{"desktop":{"background-color":"var(--ast-global-color-5)","background-image":"","background-repeat":"repeat","background-position":"center center","background-size":"auto","background-attachment":"scroll","background-type":"","background-media":"","overlay-type":"","overlay-color":"","overlay-gradient":""},"tablet":{"background-color":"var(--ast-global-color-5)","background-image":"","background-repeat":"repeat","background-position":"center center","background-size":"auto","background-attachment":"scroll","background-type":"","background-media":"","overlay-type":"","overlay-color":"","overlay-gradient":""},"mobile":{"background-color":"var(--ast-global-color-5)","background-image":"","background-repeat":"repeat","background-position":"center center","background-size":"auto","background-attachment":"scroll","background-type":"","background-media":"","overlay-type":"","overlay-color":"","overlay-gradient":""}},"footnotes":""},"uagb_featured_image_src":{"full":false,"thumbnail":false,"medium":false,"medium_large":false,"large":false,"1536x1536":false,"2048x2048":false},"uagb_author_info":{"display_name":"alessandre","author_link":"https:\/\/paginas.uepa.br\/fisica\/index.php\/author\/alessandre\/"},"uagb_comment_info":0,"uagb_excerpt":"Trabalho de Conclus\u00e3o do Curso (TCC) O Trabalho de Conclus\u00e3o de Curso (TCC) constitui-se em um trabalho escrito, de natureza t\u00e9cnico-cient\u00edfica e \u00e9 requisito obrigat\u00f3rio para o aluno obter o grau de licenciado pleno em F\u00edsica. O TCC ser\u00e1 iniciado no s\u00e9timo semestre do curso com a disciplina Trabalho de Conclus\u00e3o de Curso I. Sua&hellip;","_links":{"self":[{"href":"https:\/\/paginas.uepa.br\/fisica\/index.php\/wp-json\/wp\/v2\/pages\/1798"}],"collection":[{"href":"https:\/\/paginas.uepa.br\/fisica\/index.php\/wp-json\/wp\/v2\/pages"}],"about":[{"href":"https:\/\/paginas.uepa.br\/fisica\/index.php\/wp-json\/wp\/v2\/types\/page"}],"author":[{"embeddable":true,"href":"https:\/\/paginas.uepa.br\/fisica\/index.php\/wp-json\/wp\/v2\/users\/2"}],"replies":[{"embeddable":true,"href":"https:\/\/paginas.uepa.br\/fisica\/index.php\/wp-json\/wp\/v2\/comments?post=1798"}],"version-history":[{"count":20,"href":"https:\/\/paginas.uepa.br\/fisica\/index.php\/wp-json\/wp\/v2\/pages\/1798\/revisions"}],"predecessor-version":[{"id":2547,"href":"https:\/\/paginas.uepa.br\/fisica\/index.php\/wp-json\/wp\/v2\/pages\/1798\/revisions\/2547"}],"wp:attachment":[{"href":"https:\/\/paginas.uepa.br\/fisica\/index.php\/wp-json\/wp\/v2\/media?parent=1798"}],"curies":[{"name":"wp","href":"https:\/\/api.w.org\/{rel}","templated":true}]}}